{"id":4075,"date":"2025-10-28T16:04:48","date_gmt":"2025-10-28T16:04:48","guid":{"rendered":"https:\/\/www.camping-laguichardiere.net\/vermietung-einer-unterkunft-der-kategorie-grand-confort-in-pornic\/"},"modified":"2026-03-06T13:45:57","modified_gmt":"2026-03-06T13:45:57","slug":"vermietung-einer-unterkunft-der-kategorie-grand-confort-in-pornic","status":"publish","type":"page","link":"https:\/\/www.camping-laguichardiere.net\/de\/vermietung-von-unterkuenften-in-pornic\/angebot-an-unterkuenften-in-pornic\/vermietung-einer-unterkunft-der-kategorie-grand-confort-in-pornic\/","title":{"rendered":"Vermietung einer Unterkunft der Kategorie Grand Confort in Pornic"},"content":{"rendered":"\n<div class=\"wp-block-group alignfull is-layout-flow wp-block-group-is-layout-flow\">\n<div style=\"background-image:url(&apos;https:\/\/www.camping-laguichardiere.net\/wp-content\/uploads\/2025\/10\/00001176475.jpg&apos;);background-position:49% 76%;background-size:cover;\" class=\"wp-block-group alignfull hero-lg-simple is-style-gd-image-dark is-layout-flow wp-block-group-is-layout-flow has-background\"><h1 class=\"has-text-align-center has-link-color wp-elements-431914a4fa16a9ef55f1ab95dd4b6fc4 wp-block-post-title has-text-color has-n-50-color\">Vermietung einer Unterkunft der Kategorie Grand Confort in Pornic<\/h1><\/div>\n\n\n\n<div class=\"wp-block-group has-n-50-background-color has-background has-global-padding is-layout-constrained wp-container-core-group-is-layout-404f9465 wp-block-group-is-layout-constrained\" style=\"padding-top:var(--wp--preset--spacing--xs);padding-right:var(--wp--preset--spacing--s);padding-bottom:var(--wp--preset--spacing--xs);padding-left:var(--wp--preset--spacing--s)\"><div class=\"wp-elements-8cc45fd89eb6399670db34fb4609e4b7 wp-block-wpseopress-breadcrumbs has-xxs-font-size has-secondary-font-family\"><nav  aria-label=\"breadcrumb\"><ol class=\"breadcrumb\" itemscope itemtype=\"https:\/\/schema.org\/BreadcrumbList\"><li class=\"breadcrumb-item active\" aria-current=\"page\" itemprop=\"itemListElement\" itemscope itemtype=\"https:\/\/schema.org\/ListItem\"><span itemprop=\"name\">Camping pr\u00e8s de Pornic<\/span><meta itemprop=\"position\" content=\"1\"><\/li><\/ol><\/nav><\/div><\/div>\n\n\n\n<div class=\"wp-block-group alignfull hrz-content-sticky has-n-50-background-color has-background has-global-padding is-layout-constrained wp-container-core-group-is-layout-00f579c5 wp-block-group-is-layout-constrained\">\n<div style=\"height:210px\" aria-hidden=\"true\" class=\"wp-block-spacer\"><\/div>\n\n\n\n<div class=\"wp-block-columns wrapper-sticky is-layout-flex wp-container-core-columns-is-layout-48f035cc wp-block-columns-is-layout-flex\">\n<div class=\"wp-block-column is-c-mobile is-layout-flow wp-container-core-column-is-layout-4d27dc3d wp-block-column-is-layout-flow\" style=\"padding-top:var(--wp--preset--spacing--m)\">\n<div class=\"wp-block-group is-c-mobile is-vertical is-layout-flex wp-container-core-group-is-layout-d8cbcb7f wp-block-group-is-layout-flex\">\n<h2 class=\"wp-block-heading is-style-hrz-title--sub\">Komfortable Mobilheime in Pornic zu mieten<\/h2>\n\n\n\n<p class=\"is-style-hrz-p--title has-secondary-color has-text-color has-link-color wp-elements-69e8706c3c9534a78246e4b1329a4c78\">Sie werden sich hier wie zu Hause f\u00fchlen<\/p>\n<\/div>\n\n\n\n<div class=\"wp-block-group is-vertical is-layout-flex wp-container-core-group-is-layout-f043b8af wp-block-group-is-layout-flex\">\n<p class=\"is-style-hrz-p--base has-n-950-color has-text-color has-link-color wp-elements-4a5d4775efe6c903ab21a8e2f29647a2\">M\u00f6chten Sie einen Campingurlaub machen, ohne auf den Komfort von zu Hause verzichten zu m\u00fcssen?<\/p>\n\n\n\n<p class=\"is-style-hrz-p--base has-n-950-color has-text-color has-link-color wp-elements-612148e1b5a542de8985da6850e8284f\">Unsere Mobilheime der <strong>Komfortklasse<\/strong> mit 2 oder 3 Schlafzimmern sind mit Geschirrsp\u00fcler, einer sch\u00f6nen \u00fcberdachten Terrasse und <strong>einem W\u00e4schepaket f\u00fcr alle Aufenthalte von mehr als 7 N\u00e4chten<\/strong> ausgestattet.<br\/>bietet Ihnen die M\u00f6glichkeit, einen komfortablen Urlaub am Meer zu verbringen.<\/p>\n<\/div>\n<\/div>\n\n\n\n<div class=\"wp-block-column sticky-content is-layout-flow wp-block-column-is-layout-flow\">\n<div class=\"wp-block-group is-vertical is-layout-flex wp-container-core-group-is-layout-d8cbcb7f wp-block-group-is-layout-flex\">\n<figure class=\"wp-block-image size-large has-custom-border is-one\"><img alt=\"\" decoding=\"async\" width=\"1024\" height=\"768\" src=\"https:\/\/www.camping-laguichardiere.net\/wp-content\/uploads\/2025\/10\/00001176477-1024x768.jpg\" alt=\"\" class=\"wp-image-94\" style=\"border-radius:25px;aspect-ratio:1;object-fit:cover\" srcset=\"https:\/\/www.camping-laguichardiere.net\/wp-content\/uploads\/2025\/10\/00001176477-1024x768.jpg 1024w, https:\/\/www.camping-laguichardiere.net\/wp-content\/uploads\/2025\/10\/00001176477-300x225.jpg 300w, https:\/\/www.camping-laguichardiere.net\/wp-content\/uploads\/2025\/10\/00001176477-768x576.jpg 768w, https:\/\/www.camping-laguichardiere.net\/wp-content\/uploads\/2025\/10\/00001176477-720x540.jpg 720w, https:\/\/www.camping-laguichardiere.net\/wp-content\/uploads\/2025\/10\/00001176477-320x240.jpg 320w, https:\/\/www.camping-laguichardiere.net\/wp-content\/uploads\/2025\/10\/00001176477-160x120.jpg 160w, https:\/\/www.camping-laguichardiere.net\/wp-content\/uploads\/2025\/10\/00001176477.jpg 1200w\" sizes=\"(max-width: 1024px) 100vw, 1024px\" \/><\/figure>\n<\/div>\n<\/div>\n<\/div>\n\n\n\n<div style=\"height:300px\" aria-hidden=\"true\" class=\"wp-block-spacer\"><\/div>\n<\/div>\n<\/div>\n\n<div class=\"wp-block-group alignfull is-style-gd-bg has-global-padding is-layout-constrained wp-container-core-group-is-layout-2bd9dcf8 wp-block-group-is-layout-constrained\" style=\"padding-top:var(--wp--preset--spacing--xxl);padding-bottom:var(--wp--preset--spacing--xxl)\">\n\t<div class=\"alignfull swiper-hebergement is-layout-flow wp-block-hrz-blocks-query-camping-rest-is-layout-flow\">\n\n\t\t<p class=\"text nofilter\">Aucun resultat ne correspond \u00e0 votre recherche<\/p>\n\n\t\t<ul class=\"hebergement-listing swiper-wrapper\">\n\t\t\t<style>:root { --query-color: var(--wp--preset--color--secondary); }<\/style>\t\t\t\t<li class=\"swiper-slide\">\n\t\t\t\t\t<div class=\"wp-block-group card-gamme is-style-default is-style-relative\"\n\t\t\t\t\t\t data-booking-product=\"96742\" data-booking-etab=\"565\" data-capacity=\"8\"\t\t\t\t\t\t data-product-filters='[{\"code\":\"surface\",\"type\":\"number\",\"value\":36},{\"code\":\"pets-allowed\",\"type\":\"boolean\",\"value\":true},{\"code\":\"separated-bedrooms\",\"type\":\"number\",\"value\":3},{\"code\":\"non-bedroom-bedding\",\"type\":\"number\",\"value\":1},{\"code\":\"dishwasher\",\"type\":\"boolean\",\"value\":true},{\"code\":\"kitchens\",\"type\":\"number\",\"value\":1},{\"code\":\"bathrooms\",\"type\":\"number\",\"value\":2},{\"code\":\"toilets\",\"type\":\"number\",\"value\":2},{\"code\":\"tv\",\"type\":\"boolean\",\"value\":true},{\"code\":\"terrace\",\"type\":\"boolean\",\"value\":true}]'\t\t\t\t\t\t data-gammes=\"grand-confort-serie\"\t\t\t\t\t\t data-gammes-ids=\"46\">\n\t\t\t\t\t\t<div class=\"wp-block-group thumbnail-image\">\n\t\t\t\t\t\t\t<a href=\"https:\/\/www.camping-laguichardiere.net\/de\/hebergements\/mobilheim-grand-confort-3-schlafzimmer-2-badezimmer-36-m%c2%b2-ueberdachte-terrasse\/\" title=\"Mobilheim GRAND CONFORT 3 Schlafzimmer 2 Badezimmer 36 m\u00b2 \u00dcberdachte Terrasse\">\n\t\t\t\t\t\t\t\t<figure class=\"wp-block-image alignfull size-large\" style=\"margin:0;\">\n\t\t\t\t\t\t\t\t\t<img decoding=\"async\" src=\"https:\/\/www.camping-laguichardiere.net\/wp-content\/uploads\/2025\/10\/00001178384-1024x768.jpg\"\n\t\t\t\t\t\t\t\t\t\talt=\"Mobilheim GRAND CONFORT 3 Schlafzimmer 2 Badezimmer 36 m\u00b2 \u00dcberdachte Terrasse\" \/>\n\t\t\t\t\t\t\t\t<\/figure>\n\t\t\t\t\t\t\t\t<div class=\"full\">\n\t\t\t\t\t\t\t\t\t<p class=\"text\">An anderen Terminen verf\u00fcgbar<\/p>\n\t\t\t\t\t\t\t\t<\/div>\n\t\t\t\t\t\t\t<\/a>\n\t\t\t\t\t\t<\/div>\n\n\n\t\t\t\t\t\t<div class=\"wp-block-group has-white-background-color has-background card-content\">\n\t\t\t\t\t\t\t<div class=\"wp-block-group content\">\n\t\t\t\t\t\t\t\t<h3 class=\"wp-block-heading has-secondary-color has-link-color has-secondary-color\">\n\t\t\t\t\t\t\t\t\tMobilheim GRAND CONFORT 3 Schlafzimmer 2 Badezimmer 36 m\u00b2 \u00dcberdachte Terrasse\t\t\t\t\t\t\t\t<\/h3>\n\n\t\t\t\t\t\t\t\t\t\t\t\t\t\t\t<\/div>\n\n\t\t\t\t\t\t\t<div class=\"wp-block-group card-price has-background\">\n\t\t\t\t\t\t\t\t<div class=\"loader\">\n\t\t\t\t\t\t\t\t\t<span class=\"dot\"><\/span>\n\t\t\t\t\t\t\t\t\t<span class=\"dot\"><\/span>\n\t\t\t\t\t\t\t\t\t<span class=\"dot\"><\/span>\n\t\t\t\t\t\t\t\t<\/div>\n\t\t\t\t\t\t\t\t<div class=\"booking_default\">\n\t\t\t\t\t\t\t\t\t<p class=\"has-text-align-right\">Ab<\/p>\n\n\t\t\t\t\t\t\t\t\t<p class=\"has-text-align-right booking_price has-secondary-font-family\"><\/p>\n\t\t\t\t\t\t\t\t\t<p class=\"has-text-align-right booking_no_discount has-secondary-font-family\"><\/p>\n\n\t\t\t\t\t\t\t\t\t<p class=\"has-text-align-right dates\">\n\t\t\t\t\t\t\t\t\t\tDu <span class=\"start\"><\/span> au <span class=\"end\"><\/span>\t\t\t\t\t\t\t\t\t<\/p>\n\t\t\t\t\t\t\t\t<\/div>\n\t\t\t\t\t\t\t\t<div class=\"wp-block-group booking_alt\">\n\t\t\t\t\t\t\t\t\t<p class=\"booking_alt_text\">An anderen Terminen verf\u00fcgbar<\/p>\n\t\t\t\t\t\t\t\t\t<div class=\"booking_alt_content\">\n\t\t\t\t\t\t\t\t\t<\/div>\n\t\t\t\t\t\t\t\t<\/div>\n\t\t\t\t\t\t\t<\/div>\n\t\t\t\t\t\t<\/div>\n\n\t\t\t\t\t\t<div class=\"wp-block-buttons has-custom-font-size has-l-font-size\">\n\t\t\t\t\t\t\t<div\n\t\t\t\t\t\t\t\tclass=\"wp-block-button has-custom-width wp-block-button__width-100 has-custom-font-size booking-btn has-secondary-font-family\">\n\t\t\t\t\t\t\t\t<a href=\"https:\/\/www.camping-laguichardiere.net\/de\/hebergements\/mobilheim-grand-confort-3-schlafzimmer-2-badezimmer-36-m%c2%b2-ueberdachte-terrasse\/\"\n\t\t\t\t\t\t\t\t\tclass=\"wp-block-button__link has-white-color has-text-color has-background has-link-color has-text-align-center wp-element-button\">\n\t\t\t\t\t\t\t\t\tEntdecken Sie\t\t\t\t\t\t\t\t<\/a>\n\t\t\t\t\t\t\t<\/div>\n\t\t\t\t\t\t<\/div>\n\t\t\t\t\t\t<div class=\"booking_last\">\n\t\t\t\t\t\t\t<p class=\"booking_last_content\">\n\t\t\t\t\t\t\t\tNur noch <span class=\"booking_last_value\"><\/span> <br> verf\u00fcgbar\t\t\t\t\t\t\t<\/p>\n\t\t\t\t\t\t<\/div>\n\t\t\t\t\t\t<div class=\"booking_exclusive is-style-hover-image-effect\"><\/div>\n\t\t\t\t\t<\/div>\n\t\t\t\t<\/li>\n\n\t\t\t\t\t\t\t<li class=\"swiper-slide\">\n\t\t\t\t\t<div class=\"wp-block-group card-gamme is-style-default is-style-relative\"\n\t\t\t\t\t\t data-booking-product=\"51555\" data-booking-etab=\"565\" data-capacity=\"8\"\t\t\t\t\t\t data-product-filters='[{\"code\":\"surface\",\"type\":\"number\",\"value\":34},{\"code\":\"pets-allowed\",\"type\":\"boolean\",\"value\":true},{\"code\":\"separated-bedrooms\",\"type\":\"number\",\"value\":3},{\"code\":\"non-bedroom-bedding\",\"type\":\"number\",\"value\":1},{\"code\":\"dishwasher\",\"type\":\"boolean\",\"value\":true},{\"code\":\"kitchens\",\"type\":\"number\",\"value\":1},{\"code\":\"bathrooms\",\"type\":\"number\",\"value\":1},{\"code\":\"toilets\",\"type\":\"number\",\"value\":1},{\"code\":\"tv\",\"type\":\"boolean\",\"value\":true},{\"code\":\"terrace\",\"type\":\"boolean\",\"value\":true}]'\t\t\t\t\t\t data-gammes=\"grand-confort-serie\"\t\t\t\t\t\t data-gammes-ids=\"46\">\n\t\t\t\t\t\t<div class=\"wp-block-group thumbnail-image\">\n\t\t\t\t\t\t\t<a href=\"https:\/\/www.camping-laguichardiere.net\/de\/hebergements\/mobilheim-cabane-du-pecheur-grand-confort-3-zimmer-34m%c2%b2-ueberdachte-terrasse\/\" title=\"Mobilheim Cabane du P\u00eacheur GRAND CONFORT 3 Zimmer 34m\u00b2 \u00dcberdachte Terrasse\">\n\t\t\t\t\t\t\t\t<figure class=\"wp-block-image alignfull size-large\" style=\"margin:0;\">\n\t\t\t\t\t\t\t\t\t<img decoding=\"async\" src=\"https:\/\/www.camping-laguichardiere.net\/wp-content\/themes\/horizon-marketing\/assets\/img\/default-heb.webp\"\n\t\t\t\t\t\t\t\t\t\talt=\"Mobilheim Cabane du P\u00eacheur GRAND CONFORT 3 Zimmer 34m\u00b2 \u00dcberdachte Terrasse\" \/>\n\t\t\t\t\t\t\t\t<\/figure>\n\t\t\t\t\t\t\t\t<div class=\"full\">\n\t\t\t\t\t\t\t\t\t<p class=\"text\">An anderen Terminen verf\u00fcgbar<\/p>\n\t\t\t\t\t\t\t\t<\/div>\n\t\t\t\t\t\t\t<\/a>\n\t\t\t\t\t\t<\/div>\n\n\n\t\t\t\t\t\t<div class=\"wp-block-group has-white-background-color has-background card-content\">\n\t\t\t\t\t\t\t<div class=\"wp-block-group content\">\n\t\t\t\t\t\t\t\t<h3 class=\"wp-block-heading has-secondary-color has-link-color has-secondary-color\">\n\t\t\t\t\t\t\t\t\tMobilheim Cabane du P\u00eacheur GRAND CONFORT 3 Zimmer 34m\u00b2 \u00dcberdachte Terrasse\t\t\t\t\t\t\t\t<\/h3>\n\n\t\t\t\t\t\t\t\t\t\t\t\t\t\t\t<\/div>\n\n\t\t\t\t\t\t\t<div class=\"wp-block-group card-price has-background\">\n\t\t\t\t\t\t\t\t<div class=\"loader\">\n\t\t\t\t\t\t\t\t\t<span class=\"dot\"><\/span>\n\t\t\t\t\t\t\t\t\t<span class=\"dot\"><\/span>\n\t\t\t\t\t\t\t\t\t<span class=\"dot\"><\/span>\n\t\t\t\t\t\t\t\t<\/div>\n\t\t\t\t\t\t\t\t<div class=\"booking_default\">\n\t\t\t\t\t\t\t\t\t<p class=\"has-text-align-right\">Ab<\/p>\n\n\t\t\t\t\t\t\t\t\t<p class=\"has-text-align-right booking_price has-secondary-font-family\"><\/p>\n\t\t\t\t\t\t\t\t\t<p class=\"has-text-align-right booking_no_discount has-secondary-font-family\"><\/p>\n\n\t\t\t\t\t\t\t\t\t<p class=\"has-text-align-right dates\">\n\t\t\t\t\t\t\t\t\t\tDu <span class=\"start\"><\/span> au <span class=\"end\"><\/span>\t\t\t\t\t\t\t\t\t<\/p>\n\t\t\t\t\t\t\t\t<\/div>\n\t\t\t\t\t\t\t\t<div class=\"wp-block-group booking_alt\">\n\t\t\t\t\t\t\t\t\t<p class=\"booking_alt_text\">An anderen Terminen verf\u00fcgbar<\/p>\n\t\t\t\t\t\t\t\t\t<div class=\"booking_alt_content\">\n\t\t\t\t\t\t\t\t\t<\/div>\n\t\t\t\t\t\t\t\t<\/div>\n\t\t\t\t\t\t\t<\/div>\n\t\t\t\t\t\t<\/div>\n\n\t\t\t\t\t\t<div class=\"wp-block-buttons has-custom-font-size has-l-font-size\">\n\t\t\t\t\t\t\t<div\n\t\t\t\t\t\t\t\tclass=\"wp-block-button has-custom-width wp-block-button__width-100 has-custom-font-size booking-btn has-secondary-font-family\">\n\t\t\t\t\t\t\t\t<a href=\"https:\/\/www.camping-laguichardiere.net\/de\/hebergements\/mobilheim-cabane-du-pecheur-grand-confort-3-zimmer-34m%c2%b2-ueberdachte-terrasse\/\"\n\t\t\t\t\t\t\t\t\tclass=\"wp-block-button__link has-white-color has-text-color has-background has-link-color has-text-align-center wp-element-button\">\n\t\t\t\t\t\t\t\t\tEntdecken Sie\t\t\t\t\t\t\t\t<\/a>\n\t\t\t\t\t\t\t<\/div>\n\t\t\t\t\t\t<\/div>\n\t\t\t\t\t\t<div class=\"booking_last\">\n\t\t\t\t\t\t\t<p class=\"booking_last_content\">\n\t\t\t\t\t\t\t\tNur noch <span class=\"booking_last_value\"><\/span> <br> verf\u00fcgbar\t\t\t\t\t\t\t<\/p>\n\t\t\t\t\t\t<\/div>\n\t\t\t\t\t\t<div class=\"booking_exclusive is-style-hover-image-effect\"><\/div>\n\t\t\t\t\t<\/div>\n\t\t\t\t<\/li>\n\n\t\t\t\t\t\t\t<li class=\"swiper-slide\">\n\t\t\t\t\t<div class=\"wp-block-group card-gamme is-style-default is-style-relative\"\n\t\t\t\t\t\t data-booking-product=\"110409\" data-booking-etab=\"565\" data-capacity=\"8\"\t\t\t\t\t\t data-product-filters='[{\"code\":\"surface\",\"type\":\"number\",\"value\":31},{\"code\":\"pets-allowed\",\"type\":\"boolean\",\"value\":true},{\"code\":\"separated-bedrooms\",\"type\":\"number\",\"value\":3},{\"code\":\"non-bedroom-bedding\",\"type\":\"number\",\"value\":1},{\"code\":\"dishwasher\",\"type\":\"boolean\",\"value\":true},{\"code\":\"kitchens\",\"type\":\"number\",\"value\":1},{\"code\":\"bathrooms\",\"type\":\"number\",\"value\":1},{\"code\":\"toilets\",\"type\":\"number\",\"value\":1},{\"code\":\"tv\",\"type\":\"boolean\",\"value\":true},{\"code\":\"terrace\",\"type\":\"boolean\",\"value\":true}]'\t\t\t\t\t\t data-gammes=\"grand-confort-serie\"\t\t\t\t\t\t data-gammes-ids=\"46\">\n\t\t\t\t\t\t<div class=\"wp-block-group thumbnail-image\">\n\t\t\t\t\t\t\t<a href=\"https:\/\/www.camping-laguichardiere.net\/de\/hebergements\/mobilheim-grand-confort-3-zimmer-31-m%c2%b2-ueberdachte-terrasse-geschirrspueler\/\" title=\"Mobilheim GRAND CONFORT 3 Zimmer 31 m\u00b2 \u00fcberdachte Terrasse + Geschirrsp\u00fcler\">\n\t\t\t\t\t\t\t\t<figure class=\"wp-block-image alignfull size-large\" style=\"margin:0;\">\n\t\t\t\t\t\t\t\t\t<img decoding=\"async\" src=\"https:\/\/www.camping-laguichardiere.net\/wp-content\/themes\/horizon-marketing\/assets\/img\/default-heb.webp\"\n\t\t\t\t\t\t\t\t\t\talt=\"Mobilheim GRAND CONFORT 3 Zimmer 31 m\u00b2 \u00fcberdachte Terrasse + Geschirrsp\u00fcler\" \/>\n\t\t\t\t\t\t\t\t<\/figure>\n\t\t\t\t\t\t\t\t<div class=\"full\">\n\t\t\t\t\t\t\t\t\t<p class=\"text\">An anderen Terminen verf\u00fcgbar<\/p>\n\t\t\t\t\t\t\t\t<\/div>\n\t\t\t\t\t\t\t<\/a>\n\t\t\t\t\t\t<\/div>\n\n\n\t\t\t\t\t\t<div class=\"wp-block-group has-white-background-color has-background card-content\">\n\t\t\t\t\t\t\t<div class=\"wp-block-group content\">\n\t\t\t\t\t\t\t\t<h3 class=\"wp-block-heading has-secondary-color has-link-color has-secondary-color\">\n\t\t\t\t\t\t\t\t\tMobilheim GRAND CONFORT 3 Zimmer 31 m\u00b2 \u00fcberdachte Terrasse + Geschirrsp\u00fcler\t\t\t\t\t\t\t\t<\/h3>\n\n\t\t\t\t\t\t\t\t\t\t\t\t\t\t\t<\/div>\n\n\t\t\t\t\t\t\t<div class=\"wp-block-group card-price has-background\">\n\t\t\t\t\t\t\t\t<div class=\"loader\">\n\t\t\t\t\t\t\t\t\t<span class=\"dot\"><\/span>\n\t\t\t\t\t\t\t\t\t<span class=\"dot\"><\/span>\n\t\t\t\t\t\t\t\t\t<span class=\"dot\"><\/span>\n\t\t\t\t\t\t\t\t<\/div>\n\t\t\t\t\t\t\t\t<div class=\"booking_default\">\n\t\t\t\t\t\t\t\t\t<p class=\"has-text-align-right\">Ab<\/p>\n\n\t\t\t\t\t\t\t\t\t<p class=\"has-text-align-right booking_price has-secondary-font-family\"><\/p>\n\t\t\t\t\t\t\t\t\t<p class=\"has-text-align-right booking_no_discount has-secondary-font-family\"><\/p>\n\n\t\t\t\t\t\t\t\t\t<p class=\"has-text-align-right dates\">\n\t\t\t\t\t\t\t\t\t\tDu <span class=\"start\"><\/span> au <span class=\"end\"><\/span>\t\t\t\t\t\t\t\t\t<\/p>\n\t\t\t\t\t\t\t\t<\/div>\n\t\t\t\t\t\t\t\t<div class=\"wp-block-group booking_alt\">\n\t\t\t\t\t\t\t\t\t<p class=\"booking_alt_text\">An anderen Terminen verf\u00fcgbar<\/p>\n\t\t\t\t\t\t\t\t\t<div class=\"booking_alt_content\">\n\t\t\t\t\t\t\t\t\t<\/div>\n\t\t\t\t\t\t\t\t<\/div>\n\t\t\t\t\t\t\t<\/div>\n\t\t\t\t\t\t<\/div>\n\n\t\t\t\t\t\t<div class=\"wp-block-buttons has-custom-font-size has-l-font-size\">\n\t\t\t\t\t\t\t<div\n\t\t\t\t\t\t\t\tclass=\"wp-block-button has-custom-width wp-block-button__width-100 has-custom-font-size booking-btn has-secondary-font-family\">\n\t\t\t\t\t\t\t\t<a href=\"https:\/\/www.camping-laguichardiere.net\/de\/hebergements\/mobilheim-grand-confort-3-zimmer-31-m%c2%b2-ueberdachte-terrasse-geschirrspueler\/\"\n\t\t\t\t\t\t\t\t\tclass=\"wp-block-button__link has-white-color has-text-color has-background has-link-color has-text-align-center wp-element-button\">\n\t\t\t\t\t\t\t\t\tEntdecken Sie\t\t\t\t\t\t\t\t<\/a>\n\t\t\t\t\t\t\t<\/div>\n\t\t\t\t\t\t<\/div>\n\t\t\t\t\t\t<div class=\"booking_last\">\n\t\t\t\t\t\t\t<p class=\"booking_last_content\">\n\t\t\t\t\t\t\t\tNur noch <span class=\"booking_last_value\"><\/span> <br> verf\u00fcgbar\t\t\t\t\t\t\t<\/p>\n\t\t\t\t\t\t<\/div>\n\t\t\t\t\t\t<div class=\"booking_exclusive is-style-hover-image-effect\"><\/div>\n\t\t\t\t\t<\/div>\n\t\t\t\t<\/li>\n\n\t\t\t\t\t\t\t<li class=\"swiper-slide\">\n\t\t\t\t\t<div class=\"wp-block-group card-gamme is-style-default is-style-relative\"\n\t\t\t\t\t\t data-booking-product=\"110407\" data-booking-etab=\"565\" data-capacity=\"6\"\t\t\t\t\t\t data-product-filters='[{\"code\":\"surface\",\"type\":\"number\",\"value\":29},{\"code\":\"pets-allowed\",\"type\":\"boolean\",\"value\":true},{\"code\":\"separated-bedrooms\",\"type\":\"number\",\"value\":2},{\"code\":\"non-bedroom-bedding\",\"type\":\"number\",\"value\":1},{\"code\":\"dishwasher\",\"type\":\"boolean\",\"value\":true},{\"code\":\"kitchens\",\"type\":\"number\",\"value\":1},{\"code\":\"bathrooms\",\"type\":\"number\",\"value\":1},{\"code\":\"toilets\",\"type\":\"number\",\"value\":1},{\"code\":\"tv\",\"type\":\"boolean\",\"value\":true},{\"code\":\"terrace\",\"type\":\"boolean\",\"value\":true}]'\t\t\t\t\t\t data-gammes=\"grand-confort-serie\"\t\t\t\t\t\t data-gammes-ids=\"46\">\n\t\t\t\t\t\t<div class=\"wp-block-group thumbnail-image\">\n\t\t\t\t\t\t\t<a href=\"https:\/\/www.camping-laguichardiere.net\/de\/hebergements\/mobilheim-grand-confort-2-zimmer-29-m%c2%b2-ueberdachte-terrasse-geschirrspueler\/\" title=\"Mobilheim GRAND CONFORT 2 Zimmer 29 m\u00b2 \u00fcberdachte Terrasse + Geschirrsp\u00fcler\">\n\t\t\t\t\t\t\t\t<figure class=\"wp-block-image alignfull size-large\" style=\"margin:0;\">\n\t\t\t\t\t\t\t\t\t<img decoding=\"async\" src=\"https:\/\/www.camping-laguichardiere.net\/wp-content\/themes\/horizon-marketing\/assets\/img\/default-heb.webp\"\n\t\t\t\t\t\t\t\t\t\talt=\"Mobilheim GRAND CONFORT 2 Zimmer 29 m\u00b2 \u00fcberdachte Terrasse + Geschirrsp\u00fcler\" \/>\n\t\t\t\t\t\t\t\t<\/figure>\n\t\t\t\t\t\t\t\t<div class=\"full\">\n\t\t\t\t\t\t\t\t\t<p class=\"text\">An anderen Terminen verf\u00fcgbar<\/p>\n\t\t\t\t\t\t\t\t<\/div>\n\t\t\t\t\t\t\t<\/a>\n\t\t\t\t\t\t<\/div>\n\n\n\t\t\t\t\t\t<div class=\"wp-block-group has-white-background-color has-background card-content\">\n\t\t\t\t\t\t\t<div class=\"wp-block-group content\">\n\t\t\t\t\t\t\t\t<h3 class=\"wp-block-heading has-secondary-color has-link-color has-secondary-color\">\n\t\t\t\t\t\t\t\t\tMobilheim GRAND CONFORT 2 Zimmer 29 m\u00b2 \u00fcberdachte Terrasse + Geschirrsp\u00fcler\t\t\t\t\t\t\t\t<\/h3>\n\n\t\t\t\t\t\t\t\t\t\t\t\t\t\t\t<\/div>\n\n\t\t\t\t\t\t\t<div class=\"wp-block-group card-price has-background\">\n\t\t\t\t\t\t\t\t<div class=\"loader\">\n\t\t\t\t\t\t\t\t\t<span class=\"dot\"><\/span>\n\t\t\t\t\t\t\t\t\t<span class=\"dot\"><\/span>\n\t\t\t\t\t\t\t\t\t<span class=\"dot\"><\/span>\n\t\t\t\t\t\t\t\t<\/div>\n\t\t\t\t\t\t\t\t<div class=\"booking_default\">\n\t\t\t\t\t\t\t\t\t<p class=\"has-text-align-right\">Ab<\/p>\n\n\t\t\t\t\t\t\t\t\t<p class=\"has-text-align-right booking_price has-secondary-font-family\"><\/p>\n\t\t\t\t\t\t\t\t\t<p class=\"has-text-align-right booking_no_discount has-secondary-font-family\"><\/p>\n\n\t\t\t\t\t\t\t\t\t<p class=\"has-text-align-right dates\">\n\t\t\t\t\t\t\t\t\t\tDu <span class=\"start\"><\/span> au <span class=\"end\"><\/span>\t\t\t\t\t\t\t\t\t<\/p>\n\t\t\t\t\t\t\t\t<\/div>\n\t\t\t\t\t\t\t\t<div class=\"wp-block-group booking_alt\">\n\t\t\t\t\t\t\t\t\t<p class=\"booking_alt_text\">An anderen Terminen verf\u00fcgbar<\/p>\n\t\t\t\t\t\t\t\t\t<div class=\"booking_alt_content\">\n\t\t\t\t\t\t\t\t\t<\/div>\n\t\t\t\t\t\t\t\t<\/div>\n\t\t\t\t\t\t\t<\/div>\n\t\t\t\t\t\t<\/div>\n\n\t\t\t\t\t\t<div class=\"wp-block-buttons has-custom-font-size has-l-font-size\">\n\t\t\t\t\t\t\t<div\n\t\t\t\t\t\t\t\tclass=\"wp-block-button has-custom-width wp-block-button__width-100 has-custom-font-size booking-btn has-secondary-font-family\">\n\t\t\t\t\t\t\t\t<a href=\"https:\/\/www.camping-laguichardiere.net\/de\/hebergements\/mobilheim-grand-confort-2-zimmer-29-m%c2%b2-ueberdachte-terrasse-geschirrspueler\/\"\n\t\t\t\t\t\t\t\t\tclass=\"wp-block-button__link has-white-color has-text-color has-background has-link-color has-text-align-center wp-element-button\">\n\t\t\t\t\t\t\t\t\tEntdecken Sie\t\t\t\t\t\t\t\t<\/a>\n\t\t\t\t\t\t\t<\/div>\n\t\t\t\t\t\t<\/div>\n\t\t\t\t\t\t<div class=\"booking_last\">\n\t\t\t\t\t\t\t<p class=\"booking_last_content\">\n\t\t\t\t\t\t\t\tNur noch <span class=\"booking_last_value\"><\/span> <br> verf\u00fcgbar\t\t\t\t\t\t\t<\/p>\n\t\t\t\t\t\t<\/div>\n\t\t\t\t\t\t<div class=\"booking_exclusive is-style-hover-image-effect\"><\/div>\n\t\t\t\t\t<\/div>\n\t\t\t\t<\/li>\n\n\t\t\t\t\t<\/ul>\n\n\t\t<div class=\"swiper-button-prev compare-prev\"><\/div>\n\t\t<div class=\"swiper-button-next compare-next\"><\/div>\n\t\t<div class=\"swiper-pagination\"><\/div>\n\n\t<\/div>\n\n<\/div>\n\n<div class=\"wp-block-group alignfull lg-rs has-global-padding is-layout-constrained wp-container-core-group-is-layout-a8a2e6f1 wp-block-group-is-layout-constrained\" style=\"padding-top:25rem;padding-bottom:25rem\">\n<div class=\"wp-block-group is-vertical is-content-justification-center is-layout-flex wp-container-core-group-is-layout-7453b6fa wp-block-group-is-layout-flex\">\n<div class=\"wp-block-group is-content-justification-center is-nowrap is-layout-flex wp-container-core-group-is-layout-67684cc2 wp-block-group-is-layout-flex\">\n<div class=\"wp-block-outermost-icon-block\"><a class=\"icon-container has-icon-color has-secondary-color\" href=\"https:\/\/www.facebook.com\/campinglaguichardiere\" style=\"color:#D3B678;width:48px;transform:rotate(0deg) scaleX(1) scaleY(1)\"><svg xmlns=\"http:\/\/www.w3.org\/2000\/svg\" viewbox=\"0 0 24 24\" aria-hidden=\"true\"><path d=\"M12 2C6.5 2 2 6.5 2 12c0 5 3.7 9.1 8.4 9.9v-7H7.9V12h2.5V9.8c0-2.5 1.5-3.9 3.8-3.9 1.1 0 2.2.2 2.2.2v2.5h-1.3c-1.2 0-1.6.8-1.6 1.6V12h2.8l-.4 2.9h-2.3v7C18.3 21.1 22 17 22 12c0-5.5-4.5-10-10-10z\"><\/path><\/svg><\/a><\/div>\n\n\n\n<div class=\"wp-block-outermost-icon-block\"><a class=\"icon-container has-icon-color has-secondary-color\" href=\"https:\/\/www.instagram.com\/camping_flower_la_guichardiere\/?hl=fr\" style=\"color:#D3B678;width:48px;transform:rotate(0deg) scaleX(1) scaleY(1)\"><svg xmlns=\"http:\/\/www.w3.org\/2000\/svg\" viewbox=\"0 0 24 24\" aria-hidden=\"true\"><path d=\"M12,4.622c2.403,0,2.688,0.009,3.637,0.052c0.877,0.04,1.354,0.187,1.671,0.31c0.42,0.163,0.72,0.358,1.035,0.673 c0.315,0.315,0.51,0.615,0.673,1.035c0.123,0.317,0.27,0.794,0.31,1.671c0.043,0.949,0.052,1.234,0.052,3.637 s-0.009,2.688-0.052,3.637c-0.04,0.877-0.187,1.354-0.31,1.671c-0.163,0.42-0.358,0.72-0.673,1.035 c-0.315,0.315-0.615,0.51-1.035,0.673c-0.317,0.123-0.794,0.27-1.671,0.31c-0.949,0.043-1.233,0.052-3.637,0.052 s-2.688-0.009-3.637-0.052c-0.877-0.04-1.354-0.187-1.671-0.31c-0.42-0.163-0.72-0.358-1.035-0.673 c-0.315-0.315-0.51-0.615-0.673-1.035c-0.123-0.317-0.27-0.794-0.31-1.671C4.631,14.688,4.622,14.403,4.622,12 s0.009-2.688,0.052-3.637c0.04-0.877,0.187-1.354,0.31-1.671c0.163-0.42,0.358-0.72,0.673-1.035 c0.315-0.315,0.615-0.51,1.035-0.673c0.317-0.123,0.794-0.27,1.671-0.31C9.312,4.631,9.597,4.622,12,4.622 M12,3 C9.556,3,9.249,3.01,8.289,3.054C7.331,3.098,6.677,3.25,6.105,3.472C5.513,3.702,5.011,4.01,4.511,4.511 c-0.5,0.5-0.808,1.002-1.038,1.594C3.25,6.677,3.098,7.331,3.054,8.289C3.01,9.249,3,9.556,3,12c0,2.444,0.01,2.751,0.054,3.711 c0.044,0.958,0.196,1.612,0.418,2.185c0.23,0.592,0.538,1.094,1.038,1.594c0.5,0.5,1.002,0.808,1.594,1.038 c0.572,0.222,1.227,0.375,2.185,0.418C9.249,20.99,9.556,21,12,21s2.751-0.01,3.711-0.054c0.958-0.044,1.612-0.196,2.185-0.418 c0.592-0.23,1.094-0.538,1.594-1.038c0.5-0.5,0.808-1.002,1.038-1.594c0.222-0.572,0.375-1.227,0.418-2.185 C20.99,14.751,21,14.444,21,12s-0.01-2.751-0.054-3.711c-0.044-0.958-0.196-1.612-0.418-2.185c-0.23-0.592-0.538-1.094-1.038-1.594 c-0.5-0.5-1.002-0.808-1.594-1.038c-0.572-0.222-1.227-0.375-2.185-0.418C14.751,3.01,14.444,3,12,3L12,3z M12,7.378 c-2.552,0-4.622,2.069-4.622,4.622S9.448,16.622,12,16.622s4.622-2.069,4.622-4.622S14.552,7.378,12,7.378z M12,15 c-1.657,0-3-1.343-3-3s1.343-3,3-3s3,1.343,3,3S13.657,15,12,15z M16.804,6.116c-0.596,0-1.08,0.484-1.08,1.08 s0.484,1.08,1.08,1.08c0.596,0,1.08-0.484,1.08-1.08S17.401,6.116,16.804,6.116z\"><\/path><\/svg><\/a><\/div>\n<\/div>\n\n\n\n<div class=\"wp-block-group is-vertical is-content-justification-center is-layout-flex wp-container-core-group-is-layout-b6c1f246 wp-block-group-is-layout-flex\">\n<p class=\"has-text-align-center is-style-hrz-p--title has-secondary-color has-text-color has-link-color wp-elements-c1085ae475f145b66964032f9d9148c3\">#GUICHARDI\u00c8RE<\/p>\n\n\n\n<p class=\"has-text-align-center is-style-hrz-p--subtitle has-primary-color has-text-color has-link-color wp-elements-7fd63ab93ee5cc01e3d8a7ea5687b33c\" style=\"font-style:normal;font-weight:700\">nichts verpassen<\/p>\n<\/div>\n\n\n\n<!-- Elfsight Instagram Feed | La Guichardi\u00e8re -->\n<script src=\"https:\/\/elfsightcdn.com\/platform.js\" async=\"\"><\/script>\n<div class=\"elfsight-app-e47a5cf7-ef4c-4027-bd1b-d7f8d67b9f8f\" data-elfsight-app-lazy=\"\"><\/div>\n<\/div>\n<\/div>\n","protected":false},"excerpt":{"rendered":"<p>Komfortable Mobilheime in Pornic zu mieten Sie werden sich hier wie zu Hause f\u00fchlen M\u00f6chten Sie einen Campingurlaub machen, ohne auf den Komfort von zu Hause verzichten zu m\u00fcssen? Unsere Mobilheime der Komfortklasse mit 2 oder 3 Schlafzimmern sind mit Geschirrsp\u00fcler, einer sch\u00f6nen \u00fcberdachten Terrasse und einem W\u00e4schepaket f\u00fcr alle Aufenthalte von mehr als 7 [&hellip;]<\/p>\n","protected":false},"author":1,"featured_media":0,"parent":4267,"menu_order":14,"comment_status":"closed","ping_status":"closed","template":"","meta":{"_acf_changed":false,"_seopress_robots_primary_cat":"","_seopress_titles_title":"Vermietung einer Unterkunft in Pornic in der Region Loire-Atlantique","_seopress_titles_desc":"Entdecken Sie die Grand Confort Unterk\u00fcnfte in Pornic und erleben Sie einen praktischen und angenehmen Urlaub mit echten Einrichtungen, die f\u00fcr Familien und Gruppenaufenthalte gedacht sind.","_seopress_robots_index":"","footnotes":""},"class_list":["post-4075","page","type-page","status-publish","hentry"],"acf":[],"_links":{"self":[{"href":"https:\/\/www.camping-laguichardiere.net\/de\/wp-json\/wp\/v2\/pages\/4075","targetHints":{"allow":["GET"]}}],"collection":[{"href":"https:\/\/www.camping-laguichardiere.net\/de\/wp-json\/wp\/v2\/pages"}],"about":[{"href":"https:\/\/www.camping-laguichardiere.net\/de\/wp-json\/wp\/v2\/types\/page"}],"author":[{"embeddable":true,"href":"https:\/\/www.camping-laguichardiere.net\/de\/wp-json\/wp\/v2\/users\/1"}],"replies":[{"embeddable":true,"href":"https:\/\/www.camping-laguichardiere.net\/de\/wp-json\/wp\/v2\/comments?post=4075"}],"version-history":[{"count":1,"href":"https:\/\/www.camping-laguichardiere.net\/de\/wp-json\/wp\/v2\/pages\/4075\/revisions"}],"predecessor-version":[{"id":4077,"href":"https:\/\/www.camping-laguichardiere.net\/de\/wp-json\/wp\/v2\/pages\/4075\/revisions\/4077"}],"up":[{"embeddable":true,"href":"https:\/\/www.camping-laguichardiere.net\/de\/wp-json\/wp\/v2\/pages\/4267"}],"wp:attachment":[{"href":"https:\/\/www.camping-laguichardiere.net\/de\/wp-json\/wp\/v2\/media?parent=4075"}],"curies":[{"name":"wp","href":"https:\/\/api.w.org\/{rel}","templated":true}]}}